{"id":220,"date":"2023-11-15T18:56:27","date_gmt":"2023-11-15T18:56:27","guid":{"rendered":"https:\/\/servertekom.de\/wordpress\/?page_id=220"},"modified":"2025-10-06T13:03:05","modified_gmt":"2025-10-06T13:03:05","slug":"anlaufstellen-und-hilfsangebote","status":"publish","type":"page","link":"https:\/\/grundschule-klardorf.de\/?page_id=220","title":{"rendered":"Anlaufstellen und Hilfsangebote"},"content":{"rendered":"\t\t<div data-elementor-type=\"wp-page\" data-elementor-id=\"220\" class=\"elementor elementor-220\" data-elementor-post-type=\"page\">\n\t\t\t\t<div class=\"elementor-element elementor-element-3c73318 e-flex e-con-boxed e-con e-parent\" data-id=\"3c73318\" data-element_type=\"container\">\n\t\t\t\t\t<div class=\"e-con-inner\">\n\t\t\t\t<div class=\"elementor-element elementor-element-d43a9e8 elementor-widget elementor-widget-text-editor\" data-id=\"d43a9e8\" data-element_type=\"widget\" data-widget_type=\"text-editor.default\">\n\t\t\t\t<div class=\"elementor-widget-container\">\n\t\t\t\t\t\t\t\t\t<div class=\"n module-type-text diyfeLiveArea \"><h4>Di\u00f6zese Regensburg\u00a0<\/h4><p>KRISENTELEFON \u2013 ein Angebot f\u00fcr Sch\u00fcler\/innen und Eltern<\/p><p>Ben\u00f6tigen Sie Hilfe, weil Sie Gewalt ausgesetzt sind?<\/p><p>F\u00e4llt dir die Decke auf den Kopf?\u00a0<\/p><p>Gibt es st\u00e4ndig Streit daheim?<\/p><p>Brauchst du jemanden zum Reden?\u00a0<\/p><p>Bist du irgendwie in Not?<\/p><p>Dann ruf uns an!!<br \/>Gibt es Probleme mit der aktuellen Situation und Sie m\u00f6chten mit jemandem dar\u00fcber sprechen<\/p><p>RUFEN SIE UNS AN!<\/p><p>Anrufen k\u00f6nnen bei unserem \u201eKrisentelefon\u201c Sch\u00fclerinnen und Sch\u00fcler, aber auch Eltern, die Gespr\u00e4chsbedarf haben, jemanden zum Reden brauchen, denen die Decke auf den Kopf f\u00e4llt oder die \u2013 schlimmstenfalls \u2013 tats\u00e4chlich in arger Not sind, weil sie h\u00e4uslicher oder sexualisierter Gewalt o.\u00e4. ausgesetzt sind.\u00a0<\/p><p><u>Zeiten:\u00a0\u00a0 Montag &#8211; Freitag, 9 \u2013 12 und 14 \u2013 17 Uhr<\/u><\/p><p><u>Nummer:\u00a0\u00a0\u00a0 0160 \/ 96 69 65 29\u00a0\u00a0<\/u>\u00a0<\/p><\/div><div class=\"n module-type-header diyfeLiveArea \"><h3><span class=\"diyfeDecoration\">Anlaufstellen und Hilfsangebote f\u00fcr Kinder und Erziehungsberechtige in Notsituationen<\/span><\/h3><\/div><div class=\"n module-type-text diyfeLiveArea \"><p>\u00a0<\/p><p><strong>Beratungslehrkraft der Schule<\/strong><\/p><\/div><div class=\"n module-type-text diyfeLiveArea \">Herr Martin Steinberger, L<\/div><div>\u00a0<\/div><div>Sprechzeiten: Mittwoch 9.45-10.30<\/div><div>\u00a0<\/div><div>Telefon: 09431\/961448 (Sekretariat der Gerhadingerschule)<\/div><div>\u00a0<\/div><div>Email: martin.steinberger@schule.bayern.de<\/div><div>\u00a0<\/div><div>\u00a0<\/div><div class=\"n module-type-text diyfeLiveArea \"><p><strong>Staatl. Schulpsychologin<\/strong><\/p><p>Susanne H\u00fcbl,<\/p><p>Sprechzeit: Mittwoch 13.00 \u2013 14.00 Uhr<\/p><p>Telefon: 0162\/2619733<\/p><p>E-Mail: <a href=\"mailto:susanne.huebl@schulpsychologie-schwandorf.de\"> susanne.huebl@schulpsychologie-schwandorf.de<\/a><\/p><p>\u00a0<\/p><p><strong>Kinder- und Jugendtelefon (Nummer gegen Kummer)<\/strong><\/p><p>Mo \u2013 Sa, 14.00 \u2013 20.00 Uhr<\/p><p>Tel: 0800\/11 10 333<\/p><p><a href=\"http:\/\/www.nummergegenkummer.de\/\">www.nummergegenkummer.de<\/a><\/p><p><strong>kopfhoch.de-Beratungsstelle<\/strong><\/p><p>\u2026online und telefonisch<\/p><p>Tel.: 0800\/54 58 668<\/p><p><strong>Beratungsstelle f\u00fcr Kinder, Jugendliche und Eltern der KJF<\/strong><\/p><p>H\u00f6flinger Stra\u00dfe 11, 92421 Schwandorf<\/p><p>Tel.: 09431\/99 70 10<\/p><p><strong>Klinik und Poliklinik f\u00fcr Kinder- und Jugendpsychiatrie Regensburg<\/strong><\/p><p>Universit\u00e4tsstra\u00dfe 84 (Haus 25)<\/p><p>93053 Regensburg<\/p><p>Tel.: 0941\/941 40 04<\/p><p>E-Mail: <a href=\"mailto:klinik-kjp-r@medbo.de\">klinik-kjp-r@medbo.de<\/a><\/p><p><strong>Alle Praxen von Kinder- und Jugendpsychiatern<\/strong><\/p><p>z.B. in Schwandorf<\/p><p>Praxis Wurstner\/Dr. Mielich<\/p><p>Marktplatz 28, 92421 Schwandorf<\/p><p>Tel.: 09431\/75 41 50-0<\/p><div>Die <strong>Nummer gegen Kummer<\/strong> ist unter Tel. 116 111 montags bis samstags von 14 \u2013 20 Uhr erreichbar. \uf0b7\u00a0<\/div><div>\u00a0<\/div><div>Bei der <strong>bke-Jugendberatung<\/strong> k\u00f6nnen Jugendliche andere junge Menschen als Gespr\u00e4chspartner finden und Kontakt zu erfahrenen Beraterinnen und Beratern aufnehmen. \uf0b7\u00a0<\/div><div>Das Hilfetelefon ist unter Tel. 0800 22 55 530 bei allen Fragen und f\u00fcr Hilfe bei sexuellem Kindesmissbrauch f\u00fcr Kinder, Jugendliche und Erwachsene zu folgenden Zeiten erreichbar: Montag, Mittwoch und Freitag von 9 \u2013 14 Uhr, Dienstag und Donnerstag von 15 \u2013 17 Uhr. \uf0b7\u00a0<\/div><div>\u00a0<\/div><div><strong>Save me online<\/strong> hilft, wenn statt einer telefonischen Beratung bei sexuellem Kindesmissbrauch lieber Online-Hilfe per E-Mail gew\u00fcnscht ist. \uf0b7\u00a0<\/div><div>Auf dem Hilfeportal <strong>Sexueller Missbrauch<\/strong> finden Betroffene weitere Informationen und Ansprechpartner<\/div><\/div>\t\t\t\t\t\t\t\t<\/div>\n\t\t\t\t<\/div>\n\t\t\t\t\t<\/div>\n\t\t\t\t<\/div>\n\t\t\t\t<\/div>\n\t\t","protected":false},"excerpt":{"rendered":"<p>Di\u00f6zese Regensburg\u00a0 KRISENTELEFON \u2013 ein Angebot f\u00fcr Sch\u00fcler\/innen und Eltern Ben\u00f6tigen Sie Hilfe, weil Sie Gewalt ausgesetzt sind? F\u00e4llt dir die Decke auf den Kopf?\u00a0 Gibt es st\u00e4ndig Streit daheim? Brauchst du jemanden zum Reden?\u00a0 Bist du irgendwie in Not? Dann ruf uns an!!Gibt es Probleme mit der aktuellen Situation und Sie m\u00f6chten mit jemandem [&hellip;]<\/p>\n","protected":false},"author":1,"featured_media":0,"parent":0,"menu_order":0,"comment_status":"closed","ping_status":"closed","template":"","meta":{"footnotes":""},"class_list":["post-220","page","type-page","status-publish","hentry"],"_links":{"self":[{"href":"https:\/\/grundschule-klardorf.de\/index.php?rest_route=\/wp\/v2\/pages\/220","targetHints":{"allow":["GET"]}}],"collection":[{"href":"https:\/\/grundschule-klardorf.de\/index.php?rest_route=\/wp\/v2\/pages"}],"about":[{"href":"https:\/\/grundschule-klardorf.de\/index.php?rest_route=\/wp\/v2\/types\/page"}],"author":[{"embeddable":true,"href":"https:\/\/grundschule-klardorf.de\/index.php?rest_route=\/wp\/v2\/users\/1"}],"replies":[{"embeddable":true,"href":"https:\/\/grundschule-klardorf.de\/index.php?rest_route=%2Fwp%2Fv2%2Fcomments&post=220"}],"version-history":[{"count":10,"href":"https:\/\/grundschule-klardorf.de\/index.php?rest_route=\/wp\/v2\/pages\/220\/revisions"}],"predecessor-version":[{"id":441,"href":"https:\/\/grundschule-klardorf.de\/index.php?rest_route=\/wp\/v2\/pages\/220\/revisions\/441"}],"wp:attachment":[{"href":"https:\/\/grundschule-klardorf.de\/index.php?rest_route=%2Fwp%2Fv2%2Fmedia&parent=220"}],"curies":[{"name":"wp","href":"https:\/\/api.w.org\/{rel}","templated":true}]}}